{"id":13488,"date":"2020-08-04T19:57:01","date_gmt":"2020-08-04T23:57:01","guid":{"rendered":"https:\/\/inrs.ca\/professeurs\/professors\/christian-poirier\/"},"modified":"2025-04-09T14:37:10","modified_gmt":"2025-04-09T18:37:10","slug":"christian-poirier","status":"publish","type":"professor","link":"https:\/\/inrs.ca\/en\/research\/professors\/christian-poirier\/","title":{"rendered":"Christian Poirier"},"author":1,"featured_media":202984,"parent":13241,"template":"","sectors":[727,734],"expertise":[872],"taxo_thematic":[1191,1192],"professor_program":[1197,1202],"professor_education_offer":[1205],"expertise_groups":[1780,1782,1826,1831,1671,1724,1785,1848,1786,1756,1784,1770,1707],"class_list":["post-13488","professor","type-professor","status-publish","has-post-thumbnail","hentry","sectors-culture-en","sectors-urbanization","expertise-culture-participation-and-institutions","taxo_thematic-culture-en","taxo_thematic-urban-and-regional-dynamics","professor_program-knowledge-mobilization-and-transfer","professor_program-urban-studies","professor_education_offer-for-students","expertise_groups-arts-and-culture-in-urban-settings","expertise_groups-cultural-industries","expertise_groups-cultural-policies","expertise_groups-cultural-practices","expertise_groups-digital-culture","expertise_groups-knowledge-transfer-and-mobilization","expertise_groups-participation-and-cultural-citizenship","expertise_groups-relationship-to-the-territory","expertise_groups-social-and-cultural-impact-of-digital-technologies","expertise_groups-sociological-approaches","expertise_groups-sociology-of-art-and-culture","expertise_groups-urban-environment","expertise_groups-youth"],"acf":[],"yoast_head":"<!-- This site is optimized with the Yoast SEO Premium plugin v26.1 (Yoast SEO v28.3) - https:\/\/yoast.com\/product\/yoast-seo-premium-wordpress\/ -->\n<title>Christian Poirier | INRS<\/title>\n<meta name=\"description\" content=\"Int\u00e9r\u00eats de recherche \u00a0Curriculum vitae (PDF) Citoyennet\u00e9 culturelle (Publications PDF)\u00a0Int\u00e9r\u00eats et perspectives de recherche :Participation culturelle et citoyennet\u00e9 culturelle \u00a0\u00a0\u00a0\u00a0\u00a0\u00a0\u00a0\u00a0\u00a0\u00a0\u00a0\u00a0\u00a0\u00a0\u00a0Pratiques culturelles des jeunesM\u00e9diations, institutions et politiques culturelles\u00a0\u00a0\u00a0\u00a0 \u00a0\u00a0\u00a0\u00a0\u00a0\u00a0\u00a0\u00a0\u00a0\u00a0\u00a0Cin\u00e9ma et enjeux associ\u00e9s aux industries culturelles\u00a0\u00a0\u00a0\u00a0\u00a0\u00a0\u00a0\u00a0\u00a0\u00a0\u00c9cosyst\u00e8me du livre et biblioth\u00e8ques publiques\u00a0\u00a0\u00a0\u00a0\u00a0\u00a0\u00a0\u00a0\u00a0\u00a0\u00a0\u00a0\u00a0\u00a0\u00a0\u00a0\u00a0Culture, villes et territoiresHerm\u00e9neutique critique de la culture\u00c9pist\u00e9mologie, m\u00e9thodologie et mobilisation des connaissances\u00a0Fonctions :\u00a0\u25aa Professeur agr\u00e9g\u00e9 \u00e0 l\u2019Institut national de la recherche scientifique \u2013 Urbanisation Culture Soci\u00e9t\u00e9\u25aa Titulaire de la\u00a0Chaire Fernand-Dumont sur la culture\u25aa Directeur de la collection Monde culturel\u25aa Chercheur \u00e0 l&#039;Observatoire des m\u00e9diations culturelles (OMEC)\u25aa Membre du\u00a0laboratoire \/ art et soci\u00e9t\u00e9 \/ terrains et th\u00e9ories (l\/as\/tt)\u25aa Pr\u00e9sident du Comit\u00e9 de la recherche universitaire de l\u2019Observatoire de la Culture et des Communications\u00a0TitulaireDirecteur\u00a0\u00a0\u00a0\u00a0\" \/>\n<meta name=\"robots\" content=\"index, follow, max-snippet:-1, max-image-preview:large, max-video-preview:-1\" \/>\n<link rel=\"canonical\" href=\"https:\/\/inrs.ca\/en\/research\/professors\/christian-poirier\/\" \/>\n<meta property=\"og:locale\" content=\"en_US\" \/>\n<meta property=\"og:type\" content=\"article\" \/>\n<meta property=\"og:title\" content=\"Christian Poirier\" \/>\n<meta property=\"og:description\" content=\"Int\u00e9r\u00eats de recherche \u00a0Curriculum vitae (PDF) Citoyennet\u00e9 culturelle (Publications PDF)\u00a0Int\u00e9r\u00eats et perspectives de recherche :Participation culturelle et citoyennet\u00e9 culturelle \u00a0\u00a0\u00a0\u00a0\u00a0\u00a0\u00a0\u00a0\u00a0\u00a0\u00a0\u00a0\u00a0\u00a0\u00a0Pratiques culturelles des jeunesM\u00e9diations, institutions et politiques culturelles\u00a0\u00a0\u00a0\u00a0 \u00a0\u00a0\u00a0\u00a0\u00a0\u00a0\u00a0\u00a0\u00a0\u00a0\u00a0Cin\u00e9ma et enjeux associ\u00e9s aux industries culturelles\u00a0\u00a0\u00a0\u00a0\u00a0\u00a0\u00a0\u00a0\u00a0\u00a0\u00c9cosyst\u00e8me du livre et biblioth\u00e8ques publiques\u00a0\u00a0\u00a0\u00a0\u00a0\u00a0\u00a0\u00a0\u00a0\u00a0\u00a0\u00a0\u00a0\u00a0\u00a0\u00a0\u00a0Culture, villes et territoiresHerm\u00e9neutique critique de la culture\u00c9pist\u00e9mologie, m\u00e9thodologie et mobilisation des connaissances\u00a0Fonctions :\u00a0\u25aa Professeur agr\u00e9g\u00e9 \u00e0 l\u2019Institut national de la recherche scientifique \u2013 Urbanisation Culture Soci\u00e9t\u00e9\u25aa Titulaire de la\u00a0Chaire Fernand-Dumont sur la culture\u25aa Directeur de la collection Monde culturel\u25aa Chercheur \u00e0 l&#039;Observatoire des m\u00e9diations culturelles (OMEC)\u25aa Membre du\u00a0laboratoire \/ art et soci\u00e9t\u00e9 \/ terrains et th\u00e9ories (l\/as\/tt)\u25aa Pr\u00e9sident du Comit\u00e9 de la recherche universitaire de l\u2019Observatoire de la Culture et des Communications\u00a0TitulaireDirecteur\u00a0\u00a0\u00a0\u00a0\" \/>\n<meta property=\"og:url\" content=\"https:\/\/inrs.ca\/en\/research\/professors\/christian-poirier\/\" \/>\n<meta property=\"og:site_name\" content=\"INRS\" \/>\n<meta property=\"article:publisher\" content=\"https:\/\/www.facebook.com\/inrsciences\/\" \/>\n<meta property=\"article:modified_time\" content=\"2025-04-09T18:37:10+00:00\" \/>\n<meta property=\"og:image\" content=\"https:\/\/inrs.ca\/wp-content\/uploads\/2020\/04\/Christian-Poirier-professeur-en-Culture-participation-et-institutions-inrs-H-Web.jpg\" \/>\n\t<meta property=\"og:image:width\" content=\"960\" \/>\n\t<meta property=\"og:image:height\" content=\"640\" \/>\n\t<meta property=\"og:image:type\" content=\"image\/jpeg\" \/>\n<meta name=\"twitter:card\" content=\"summary_large_image\" \/>\n<meta name=\"twitter:site\" content=\"@inrsciences\" \/>\n<script type=\"application\/ld+json\" class=\"yoast-schema-graph\">{\"@context\":\"https:\\\/\\\/schema.org\",\"@graph\":[{\"@type\":\"WebPage\",\"@id\":\"https:\\\/\\\/inrs.ca\\\/en\\\/research\\\/professors\\\/christian-poirier\\\/\",\"url\":\"https:\\\/\\\/inrs.ca\\\/en\\\/research\\\/professors\\\/christian-poirier\\\/\",\"name\":\"Christian Poirier | INRS\",\"isPartOf\":{\"@id\":\"https:\\\/\\\/inrs.ca\\\/en\\\/#website\"},\"primaryImageOfPage\":{\"@id\":\"https:\\\/\\\/inrs.ca\\\/en\\\/research\\\/professors\\\/christian-poirier\\\/#primaryimage\"},\"image\":{\"@id\":\"https:\\\/\\\/inrs.ca\\\/en\\\/research\\\/professors\\\/christian-poirier\\\/#primaryimage\"},\"thumbnailUrl\":\"https:\\\/\\\/inrs.ca\\\/wp-content\\\/uploads\\\/INRS-Christian-Poirier-web.jpg\",\"datePublished\":\"2020-08-04T23:57:01+00:00\",\"dateModified\":\"2025-04-09T18:37:10+00:00\",\"description\":\"Int\u00e9r\u00eats de recherche \u00a0Curriculum vitae (PDF) Citoyennet\u00e9 culturelle (Publications PDF)\u00a0Int\u00e9r\u00eats et perspectives de recherche :Participation culturelle et citoyennet\u00e9 culturelle \u00a0\u00a0\u00a0\u00a0\u00a0\u00a0\u00a0\u00a0\u00a0\u00a0\u00a0\u00a0\u00a0\u00a0\u00a0Pratiques culturelles des jeunesM\u00e9diations, institutions et politiques culturelles\u00a0\u00a0\u00a0\u00a0 \u00a0\u00a0\u00a0\u00a0\u00a0\u00a0\u00a0\u00a0\u00a0\u00a0\u00a0Cin\u00e9ma et enjeux associ\u00e9s aux industries culturelles\u00a0\u00a0\u00a0\u00a0\u00a0\u00a0\u00a0\u00a0\u00a0\u00a0\u00c9cosyst\u00e8me du livre et biblioth\u00e8ques publiques\u00a0\u00a0\u00a0\u00a0\u00a0\u00a0\u00a0\u00a0\u00a0\u00a0\u00a0\u00a0\u00a0\u00a0\u00a0\u00a0\u00a0Culture, villes et territoiresHerm\u00e9neutique critique de la culture\u00c9pist\u00e9mologie, m\u00e9thodologie et mobilisation des connaissances\u00a0Fonctions :\u00a0\u25aa Professeur agr\u00e9g\u00e9 \u00e0 l\u2019Institut national de la recherche scientifique \u2013 Urbanisation Culture Soci\u00e9t\u00e9\u25aa Titulaire de la\u00a0Chaire Fernand-Dumont sur la culture\u25aa Directeur de la collection Monde culturel\u25aa Chercheur \u00e0 l'Observatoire des m\u00e9diations culturelles (OMEC)\u25aa Membre du\u00a0laboratoire \\\/ art et soci\u00e9t\u00e9 \\\/ terrains et th\u00e9ories (l\\\/as\\\/tt)\u25aa Pr\u00e9sident du Comit\u00e9 de la recherche universitaire de l\u2019Observatoire de la Culture et des Communications\u00a0TitulaireDirecteur\u00a0\u00a0\u00a0\u00a0\",\"breadcrumb\":{\"@id\":\"https:\\\/\\\/inrs.ca\\\/en\\\/research\\\/professors\\\/christian-poirier\\\/#breadcrumb\"},\"inLanguage\":\"en-CA\",\"potentialAction\":[{\"@type\":\"ReadAction\",\"target\":[\"https:\\\/\\\/inrs.ca\\\/en\\\/research\\\/professors\\\/christian-poirier\\\/\"]}]},{\"@type\":\"ImageObject\",\"inLanguage\":\"en-CA\",\"@id\":\"https:\\\/\\\/inrs.ca\\\/en\\\/research\\\/professors\\\/christian-poirier\\\/#primaryimage\",\"url\":\"https:\\\/\\\/inrs.ca\\\/wp-content\\\/uploads\\\/INRS-Christian-Poirier-web.jpg\",\"contentUrl\":\"https:\\\/\\\/inrs.ca\\\/wp-content\\\/uploads\\\/INRS-Christian-Poirier-web.jpg\",\"width\":1200,\"height\":960},{\"@type\":\"BreadcrumbList\",\"@id\":\"https:\\\/\\\/inrs.ca\\\/en\\\/research\\\/professors\\\/christian-poirier\\\/#breadcrumb\",\"itemListElement\":[{\"@type\":\"ListItem\",\"position\":1,\"name\":\"Accueil\",\"item\":\"https:\\\/\\\/inrs.ca\\\/en\\\/\"},{\"@type\":\"ListItem\",\"position\":2,\"name\":\"Research\",\"item\":\"https:\\\/\\\/inrs.ca\\\/en\\\/research\\\/\"},{\"@type\":\"ListItem\",\"position\":3,\"name\":\"Professors\",\"item\":\"https:\\\/\\\/inrs.ca\\\/en\\\/research\\\/professors\\\/\"},{\"@type\":\"ListItem\",\"position\":4,\"name\":\"Christian Poirier\"}]},{\"@type\":\"WebSite\",\"@id\":\"https:\\\/\\\/inrs.ca\\\/en\\\/#website\",\"url\":\"https:\\\/\\\/inrs.ca\\\/en\\\/\",\"name\":\"INRS\",\"description\":\"Institut national de la recherche scientifique\",\"potentialAction\":[{\"@type\":\"SearchAction\",\"target\":{\"@type\":\"EntryPoint\",\"urlTemplate\":\"https:\\\/\\\/inrs.ca\\\/en\\\/?s={search_term_string}\"},\"query-input\":{\"@type\":\"PropertyValueSpecification\",\"valueRequired\":true,\"valueName\":\"search_term_string\"}}],\"inLanguage\":\"en-CA\"}]}<\/script>\n<!-- \/ Yoast SEO Premium plugin. -->","yoast_head_json":{"title":"Christian Poirier | INRS","description":"Int\u00e9r\u00eats de recherche \u00a0Curriculum vitae (PDF) Citoyennet\u00e9 culturelle (Publications PDF)\u00a0Int\u00e9r\u00eats et perspectives de recherche :Participation culturelle et citoyennet\u00e9 culturelle \u00a0\u00a0\u00a0\u00a0\u00a0\u00a0\u00a0\u00a0\u00a0\u00a0\u00a0\u00a0\u00a0\u00a0\u00a0Pratiques culturelles des jeunesM\u00e9diations, institutions et politiques culturelles\u00a0\u00a0\u00a0\u00a0 \u00a0\u00a0\u00a0\u00a0\u00a0\u00a0\u00a0\u00a0\u00a0\u00a0\u00a0Cin\u00e9ma et enjeux associ\u00e9s aux industries culturelles\u00a0\u00a0\u00a0\u00a0\u00a0\u00a0\u00a0\u00a0\u00a0\u00a0\u00c9cosyst\u00e8me du livre et biblioth\u00e8ques publiques\u00a0\u00a0\u00a0\u00a0\u00a0\u00a0\u00a0\u00a0\u00a0\u00a0\u00a0\u00a0\u00a0\u00a0\u00a0\u00a0\u00a0Culture, villes et territoiresHerm\u00e9neutique critique de la culture\u00c9pist\u00e9mologie, m\u00e9thodologie et mobilisation des connaissances\u00a0Fonctions :\u00a0\u25aa Professeur agr\u00e9g\u00e9 \u00e0 l\u2019Institut national de la recherche scientifique \u2013 Urbanisation Culture Soci\u00e9t\u00e9\u25aa Titulaire de la\u00a0Chaire Fernand-Dumont sur la culture\u25aa Directeur de la collection Monde culturel\u25aa Chercheur \u00e0 l'Observatoire des m\u00e9diations culturelles (OMEC)\u25aa Membre du\u00a0laboratoire \/ art et soci\u00e9t\u00e9 \/ terrains et th\u00e9ories (l\/as\/tt)\u25aa Pr\u00e9sident du Comit\u00e9 de la recherche universitaire de l\u2019Observatoire de la Culture et des Communications\u00a0TitulaireDirecteur\u00a0\u00a0\u00a0\u00a0","robots":{"index":"index","follow":"follow","max-snippet":"max-snippet:-1","max-image-preview":"max-image-preview:large","max-video-preview":"max-video-preview:-1"},"canonical":"https:\/\/inrs.ca\/en\/research\/professors\/christian-poirier\/","og_locale":"en_US","og_type":"article","og_title":"Christian Poirier","og_description":"Int\u00e9r\u00eats de recherche \u00a0Curriculum vitae (PDF) Citoyennet\u00e9 culturelle (Publications PDF)\u00a0Int\u00e9r\u00eats et perspectives de recherche :Participation culturelle et citoyennet\u00e9 culturelle \u00a0\u00a0\u00a0\u00a0\u00a0\u00a0\u00a0\u00a0\u00a0\u00a0\u00a0\u00a0\u00a0\u00a0\u00a0Pratiques culturelles des jeunesM\u00e9diations, institutions et politiques culturelles\u00a0\u00a0\u00a0\u00a0 \u00a0\u00a0\u00a0\u00a0\u00a0\u00a0\u00a0\u00a0\u00a0\u00a0\u00a0Cin\u00e9ma et enjeux associ\u00e9s aux industries culturelles\u00a0\u00a0\u00a0\u00a0\u00a0\u00a0\u00a0\u00a0\u00a0\u00a0\u00c9cosyst\u00e8me du livre et biblioth\u00e8ques publiques\u00a0\u00a0\u00a0\u00a0\u00a0\u00a0\u00a0\u00a0\u00a0\u00a0\u00a0\u00a0\u00a0\u00a0\u00a0\u00a0\u00a0Culture, villes et territoiresHerm\u00e9neutique critique de la culture\u00c9pist\u00e9mologie, m\u00e9thodologie et mobilisation des connaissances\u00a0Fonctions :\u00a0\u25aa Professeur agr\u00e9g\u00e9 \u00e0 l\u2019Institut national de la recherche scientifique \u2013 Urbanisation Culture Soci\u00e9t\u00e9\u25aa Titulaire de la\u00a0Chaire Fernand-Dumont sur la culture\u25aa Directeur de la collection Monde culturel\u25aa Chercheur \u00e0 l'Observatoire des m\u00e9diations culturelles (OMEC)\u25aa Membre du\u00a0laboratoire \/ art et soci\u00e9t\u00e9 \/ terrains et th\u00e9ories (l\/as\/tt)\u25aa Pr\u00e9sident du Comit\u00e9 de la recherche universitaire de l\u2019Observatoire de la Culture et des Communications\u00a0TitulaireDirecteur\u00a0\u00a0\u00a0\u00a0","og_url":"https:\/\/inrs.ca\/en\/research\/professors\/christian-poirier\/","og_site_name":"INRS","article_publisher":"https:\/\/www.facebook.com\/inrsciences\/","article_modified_time":"2025-04-09T18:37:10+00:00","og_image":[{"width":960,"height":640,"url":"https:\/\/inrs.ca\/wp-content\/uploads\/2020\/04\/Christian-Poirier-professeur-en-Culture-participation-et-institutions-inrs-H-Web.jpg","type":"image\/jpeg"}],"twitter_card":"summary_large_image","twitter_site":"@inrsciences","schema":{"@context":"https:\/\/schema.org","@graph":[{"@type":"WebPage","@id":"https:\/\/inrs.ca\/en\/research\/professors\/christian-poirier\/","url":"https:\/\/inrs.ca\/en\/research\/professors\/christian-poirier\/","name":"Christian Poirier | INRS","isPartOf":{"@id":"https:\/\/inrs.ca\/en\/#website"},"primaryImageOfPage":{"@id":"https:\/\/inrs.ca\/en\/research\/professors\/christian-poirier\/#primaryimage"},"image":{"@id":"https:\/\/inrs.ca\/en\/research\/professors\/christian-poirier\/#primaryimage"},"thumbnailUrl":"https:\/\/inrs.ca\/wp-content\/uploads\/INRS-Christian-Poirier-web.jpg","datePublished":"2020-08-04T23:57:01+00:00","dateModified":"2025-04-09T18:37:10+00:00","description":"Int\u00e9r\u00eats de recherche \u00a0Curriculum vitae (PDF) Citoyennet\u00e9 culturelle (Publications PDF)\u00a0Int\u00e9r\u00eats et perspectives de recherche :Participation culturelle et citoyennet\u00e9 culturelle \u00a0\u00a0\u00a0\u00a0\u00a0\u00a0\u00a0\u00a0\u00a0\u00a0\u00a0\u00a0\u00a0\u00a0\u00a0Pratiques culturelles des jeunesM\u00e9diations, institutions et politiques culturelles\u00a0\u00a0\u00a0\u00a0 \u00a0\u00a0\u00a0\u00a0\u00a0\u00a0\u00a0\u00a0\u00a0\u00a0\u00a0Cin\u00e9ma et enjeux associ\u00e9s aux industries culturelles\u00a0\u00a0\u00a0\u00a0\u00a0\u00a0\u00a0\u00a0\u00a0\u00a0\u00c9cosyst\u00e8me du livre et biblioth\u00e8ques publiques\u00a0\u00a0\u00a0\u00a0\u00a0\u00a0\u00a0\u00a0\u00a0\u00a0\u00a0\u00a0\u00a0\u00a0\u00a0\u00a0\u00a0Culture, villes et territoiresHerm\u00e9neutique critique de la culture\u00c9pist\u00e9mologie, m\u00e9thodologie et mobilisation des connaissances\u00a0Fonctions :\u00a0\u25aa Professeur agr\u00e9g\u00e9 \u00e0 l\u2019Institut national de la recherche scientifique \u2013 Urbanisation Culture Soci\u00e9t\u00e9\u25aa Titulaire de la\u00a0Chaire Fernand-Dumont sur la culture\u25aa Directeur de la collection Monde culturel\u25aa Chercheur \u00e0 l'Observatoire des m\u00e9diations culturelles (OMEC)\u25aa Membre du\u00a0laboratoire \/ art et soci\u00e9t\u00e9 \/ terrains et th\u00e9ories (l\/as\/tt)\u25aa Pr\u00e9sident du Comit\u00e9 de la recherche universitaire de l\u2019Observatoire de la Culture et des Communications\u00a0TitulaireDirecteur\u00a0\u00a0\u00a0\u00a0","breadcrumb":{"@id":"https:\/\/inrs.ca\/en\/research\/professors\/christian-poirier\/#breadcrumb"},"inLanguage":"en-CA","potentialAction":[{"@type":"ReadAction","target":["https:\/\/inrs.ca\/en\/research\/professors\/christian-poirier\/"]}]},{"@type":"ImageObject","inLanguage":"en-CA","@id":"https:\/\/inrs.ca\/en\/research\/professors\/christian-poirier\/#primaryimage","url":"https:\/\/inrs.ca\/wp-content\/uploads\/INRS-Christian-Poirier-web.jpg","contentUrl":"https:\/\/inrs.ca\/wp-content\/uploads\/INRS-Christian-Poirier-web.jpg","width":1200,"height":960},{"@type":"BreadcrumbList","@id":"https:\/\/inrs.ca\/en\/research\/professors\/christian-poirier\/#breadcrumb","itemListElement":[{"@type":"ListItem","position":1,"name":"Accueil","item":"https:\/\/inrs.ca\/en\/"},{"@type":"ListItem","position":2,"name":"Research","item":"https:\/\/inrs.ca\/en\/research\/"},{"@type":"ListItem","position":3,"name":"Professors","item":"https:\/\/inrs.ca\/en\/research\/professors\/"},{"@type":"ListItem","position":4,"name":"Christian Poirier"}]},{"@type":"WebSite","@id":"https:\/\/inrs.ca\/en\/#website","url":"https:\/\/inrs.ca\/en\/","name":"INRS","description":"Institut national de la recherche scientifique","potentialAction":[{"@type":"SearchAction","target":{"@type":"EntryPoint","urlTemplate":"https:\/\/inrs.ca\/en\/?s={search_term_string}"},"query-input":{"@type":"PropertyValueSpecification","valueRequired":true,"valueName":"search_term_string"}}],"inLanguage":"en-CA"}]}},"permalink_manager":null,"_links":{"self":[{"href":"https:\/\/inrs.ca\/en\/wp-json\/wp\/v2\/professor\/13488","targetHints":{"allow":["GET"]}}],"collection":[{"href":"https:\/\/inrs.ca\/en\/wp-json\/wp\/v2\/professor"}],"about":[{"href":"https:\/\/inrs.ca\/en\/wp-json\/wp\/v2\/types\/professor"}],"author":[{"embeddable":true,"href":"https:\/\/inrs.ca\/en\/wp-json\/wp\/v2\/users\/1"}],"up":[{"embeddable":true,"href":"https:\/\/inrs.ca\/en\/wp-json\/wp\/v2\/pages\/13241"}],"wp:featuredmedia":[{"embeddable":true,"href":"https:\/\/inrs.ca\/en\/wp-json\/wp\/v2\/media\/202984"}],"wp:attachment":[{"href":"https:\/\/inrs.ca\/en\/wp-json\/wp\/v2\/media?parent=13488"}],"wp:term":[{"taxonomy":"sectors","embeddable":true,"href":"https:\/\/inrs.ca\/en\/wp-json\/wp\/v2\/sectors?post=13488"},{"taxonomy":"expertise","embeddable":true,"href":"https:\/\/inrs.ca\/en\/wp-json\/wp\/v2\/expertise?post=13488"},{"taxonomy":"taxo_thematic","embeddable":true,"href":"https:\/\/inrs.ca\/en\/wp-json\/wp\/v2\/taxo_thematic?post=13488"},{"taxonomy":"professor_program","embeddable":true,"href":"https:\/\/inrs.ca\/en\/wp-json\/wp\/v2\/professor_program?post=13488"},{"taxonomy":"professor_education_offer","embeddable":true,"href":"https:\/\/inrs.ca\/en\/wp-json\/wp\/v2\/professor_education_offer?post=13488"},{"taxonomy":"expertise_groups","embeddable":true,"href":"https:\/\/inrs.ca\/en\/wp-json\/wp\/v2\/expertise_groups?post=13488"}],"curies":[{"name":"wp","href":"https:\/\/api.w.org\/{rel}","templated":true}]}}